{"id":3621,"date":"2022-08-10T18:24:21","date_gmt":"2022-08-10T16:24:21","guid":{"rendered":"https:\/\/www.franchementforts.fr\/die-belfort-zitadelle\/"},"modified":"2023-11-21T16:00:00","modified_gmt":"2023-11-21T15:00:00","slug":"die-belfort-zitadelle","status":"publish","type":"page","link":"https:\/\/www.franchementforts.fr\/de\/die-belfort-zitadelle\/","title":{"rendered":"Die Belfort-Zitadelle"},"content":{"rendered":"\t\t<div data-elementor-type=\"wp-page\" data-elementor-id=\"3621\" class=\"elementor elementor-3621 elementor-768\" data-elementor-post-type=\"page\">\n\t\t\t\t\t\t<section class=\"elementor-section elementor-top-section elementor-element elementor-element-44def85 elementor-section-full_width elementor-section-height-default elementor-section-height-default\" data-id=\"44def85\" data-element_type=\"section\" data-e-type=\"section\">\n\t\t\t\t\t\t<div class=\"elementor-container elementor-column-gap-default\">\n\t\t\t\t\t<div class=\"elementor-column elementor-col-100 elementor-top-column elementor-element elementor-element-050bdfe\" data-id=\"050bdfe\" data-element_type=\"column\" data-e-type=\"column\">\n\t\t\t<div class=\"elementor-widget-wrap elementor-element-populated\">\n\t\t\t\t\t\t<div class=\"elementor-element elementor-element-0a283de elementor-widget elementor-widget-image\" data-id=\"0a283de\" data-element_type=\"widget\" data-e-type=\"widget\" data-widget_type=\"image.default\">\n\t\t\t\t<div class=\"elementor-widget-container\">\n\t\t\t\t\t\t\t\t\t\t\t\t\t\t\t<img fetchpriority=\"high\" decoding=\"async\" width=\"2000\" height=\"1333\" src=\"https:\/\/www.franchementforts.fr\/wp-content\/uploads\/2022\/11\/CitadelleBelfort_couv.jpg\" class=\"attachment-full size-full wp-image-1575\" alt=\"\" srcset=\"https:\/\/www.franchementforts.fr\/wp-content\/uploads\/2022\/11\/CitadelleBelfort_couv.jpg 2000w, https:\/\/www.franchementforts.fr\/wp-content\/uploads\/2022\/11\/CitadelleBelfort_couv-300x200.jpg 300w, https:\/\/www.franchementforts.fr\/wp-content\/uploads\/2022\/11\/CitadelleBelfort_couv-1024x682.jpg 1024w, https:\/\/www.franchementforts.fr\/wp-content\/uploads\/2022\/11\/CitadelleBelfort_couv-768x512.jpg 768w, https:\/\/www.franchementforts.fr\/wp-content\/uploads\/2022\/11\/CitadelleBelfort_couv-391x260.jpg 391w, https:\/\/www.franchementforts.fr\/wp-content\/uploads\/2022\/11\/CitadelleBelfort_couv-1536x1024.jpg 1536w, https:\/\/www.franchementforts.fr\/wp-content\/uploads\/2022\/11\/CitadelleBelfort_couv-600x400.jpg 600w\" sizes=\"(max-width: 2000px) 100vw, 2000px\" \/>\t\t\t\t\t\t\t\t\t\t\t\t\t\t\t<\/div>\n\t\t\t\t<\/div>\n\t\t\t\t<div class=\"elementor-element elementor-element-1de3790 elementor-widget elementor-widget-text-editor\" data-id=\"1de3790\" data-element_type=\"widget\" data-e-type=\"widget\" data-widget_type=\"text-editor.default\">\n\t\t\t\t<div class=\"elementor-widget-container\">\n\t\t\t\t\t\t\t\t\t<p>CITADELLE<\/p>\n\t\t\t\t\t\t\t\t<\/div>\n\t\t\t\t<\/div>\n\t\t\t\t<div class=\"elementor-element elementor-element-8d6613f elementor-widget elementor-widget-heading\" data-id=\"8d6613f\" data-element_type=\"widget\" data-e-type=\"widget\" id=\"titre-fort\" data-widget_type=\"heading.default\">\n\t\t\t\t<div class=\"elementor-widget-container\">\n\t\t\t\t\t<h2 class=\"elementor-heading-title elementor-size-default\">de Belfort<\/h2>\t\t\t\t<\/div>\n\t\t\t\t<\/div>\n\t\t\t\t\t<\/div>\n\t\t<\/div>\n\t\t\t\t\t<\/div>\n\t\t<\/section>\n\t\t\t\t<section class=\"elementor-section elementor-top-section elementor-element elementor-element-14419f6 elementor-section-boxed elementor-section-height-default elementor-section-height-default\" data-id=\"14419f6\" data-element_type=\"section\" data-e-type=\"section\">\n\t\t\t\t\t\t<div class=\"elementor-container elementor-column-gap-default\">\n\t\t\t\t\t<div class=\"elementor-column elementor-col-100 elementor-top-column elementor-element elementor-element-b18c1f9\" data-id=\"b18c1f9\" data-element_type=\"column\" data-e-type=\"column\">\n\t\t\t<div class=\"elementor-widget-wrap elementor-element-populated\">\n\t\t\t\t\t\t<div class=\"elementor-element elementor-element-e3c943f elementor-widget elementor-widget-breadcrumbs\" data-id=\"e3c943f\" data-element_type=\"widget\" data-e-type=\"widget\" data-widget_type=\"breadcrumbs.default\">\n\t\t\t\t<div class=\"elementor-widget-container\">\n\t\t\t\t\t<p id=\"breadcrumbs\"><span><span><a href=\"https:\/\/www.franchementforts.fr\/\">Accueil<\/a><\/span><\/span><\/p>\t\t\t\t<\/div>\n\t\t\t\t<\/div>\n\t\t\t\t\t<\/div>\n\t\t<\/div>\n\t\t\t\t\t<\/div>\n\t\t<\/section>\n\t\t\t\t<section class=\"elementor-section elementor-top-section elementor-element elementor-element-96ad446 elementor-section-boxed elementor-section-height-default elementor-section-height-default\" data-id=\"96ad446\" data-element_type=\"section\" data-e-type=\"section\">\n\t\t\t\t\t\t<div class=\"elementor-container elementor-column-gap-default\">\n\t\t\t\t\t<div class=\"elementor-column elementor-col-33 elementor-top-column elementor-element elementor-element-0d6dd78\" data-id=\"0d6dd78\" data-element_type=\"column\" data-e-type=\"column\">\n\t\t\t<div class=\"elementor-widget-wrap elementor-element-populated\">\n\t\t\t\t\t\t<section class=\"elementor-section elementor-inner-section elementor-element elementor-element-e2bd25f elementor-section-boxed elementor-section-height-default elementor-section-height-default\" data-id=\"e2bd25f\" data-element_type=\"section\" data-e-type=\"section\">\n\t\t\t\t\t\t<div class=\"elementor-container elementor-column-gap-default\">\n\t\t\t\t\t<div class=\"elementor-column elementor-col-100 elementor-inner-column elementor-element elementor-element-2231ea5\" data-id=\"2231ea5\" data-element_type=\"column\" data-e-type=\"column\">\n\t\t\t<div class=\"elementor-widget-wrap elementor-element-populated\">\n\t\t\t\t\t\t<div class=\"elementor-element elementor-element-136387f elementor-widget elementor-widget-image\" data-id=\"136387f\" data-element_type=\"widget\" data-e-type=\"widget\" data-widget_type=\"image.default\">\n\t\t\t\t<div class=\"elementor-widget-container\">\n\t\t\t\t\t\t\t\t\t\t\t\t\t\t\t<img decoding=\"async\" width=\"310\" height=\"208\" src=\"https:\/\/www.franchementforts.fr\/wp-content\/uploads\/2022\/11\/citadelle-belfort.png\" class=\"attachment-large size-large wp-image-1531\" alt=\"\" srcset=\"https:\/\/www.franchementforts.fr\/wp-content\/uploads\/2022\/11\/citadelle-belfort.png 310w, https:\/\/www.franchementforts.fr\/wp-content\/uploads\/2022\/11\/citadelle-belfort-300x201.png 300w\" sizes=\"(max-width: 310px) 100vw, 310px\" \/>\t\t\t\t\t\t\t\t\t\t\t\t\t\t\t<\/div>\n\t\t\t\t<\/div>\n\t\t\t\t<div class=\"elementor-element elementor-element-a9d5e0e elementor-widget elementor-widget-heading\" data-id=\"a9d5e0e\" data-element_type=\"widget\" data-e-type=\"widget\" data-widget_type=\"heading.default\">\n\t\t\t\t<div class=\"elementor-widget-container\">\n\t\t\t\t\t<h2 class=\"elementor-heading-title elementor-size-default\">Wo?<\/h2>\t\t\t\t<\/div>\n\t\t\t\t<\/div>\n\t\t\t\t<div class=\"elementor-element elementor-element-662a4e5 elementor-icon-list--layout-traditional elementor-list-item-link-full_width elementor-widget elementor-widget-icon-list\" data-id=\"662a4e5\" data-element_type=\"widget\" data-e-type=\"widget\" data-widget_type=\"icon-list.default\">\n\t\t\t\t<div class=\"elementor-widget-container\">\n\t\t\t\t\t\t\t<ul class=\"elementor-icon-list-items\">\n\t\t\t\t\t\t\t<li class=\"elementor-icon-list-item\">\n\t\t\t\t\t\t\t\t\t\t\t<span class=\"elementor-icon-list-icon\">\n\t\t\t\t\t\t\t<i aria-hidden=\"true\" class=\"fas fa-map-marker-alt\"><\/i>\t\t\t\t\t\t<\/span>\n\t\t\t\t\t\t\t\t\t\t<span class=\"elementor-icon-list-text\">Rue Xavier Bauer, 90000 Belfort<\/span>\n\t\t\t\t\t\t\t\t\t<\/li>\n\t\t\t\t\t\t\t\t<li class=\"elementor-icon-list-item\">\n\t\t\t\t\t\t\t\t\t\t\t<span class=\"elementor-icon-list-icon\">\n\t\t\t\t\t\t\t<i aria-hidden=\"true\" class=\"far fa-map\"><\/i>\t\t\t\t\t\t<\/span>\n\t\t\t\t\t\t\t\t\t\t<span class=\"elementor-icon-list-text\">47.63679, 6.86484<\/span>\n\t\t\t\t\t\t\t\t\t<\/li>\n\t\t\t\t\t\t<\/ul>\n\t\t\t\t\t\t<\/div>\n\t\t\t\t<\/div>\n\t\t\t\t<div class=\"elementor-element elementor-element-e99e321 elementor-widget elementor-widget-heading\" data-id=\"e99e321\" data-element_type=\"widget\" data-e-type=\"widget\" data-widget_type=\"heading.default\">\n\t\t\t\t<div class=\"elementor-widget-container\">\n\t\t\t\t\t<h2 class=\"elementor-heading-title elementor-size-default\">Wann?<\/h2>\t\t\t\t<\/div>\n\t\t\t\t<\/div>\n\t\t\t\t<div class=\"elementor-element elementor-element-9ed2f53 elementor-icon-list--layout-traditional elementor-list-item-link-full_width elementor-widget elementor-widget-icon-list\" data-id=\"9ed2f53\" data-element_type=\"widget\" data-e-type=\"widget\" data-widget_type=\"icon-list.default\">\n\t\t\t\t<div class=\"elementor-widget-container\">\n\t\t\t\t\t\t\t<ul class=\"elementor-icon-list-items\">\n\t\t\t\t\t\t\t<li class=\"elementor-icon-list-item\">\n\t\t\t\t\t\t\t\t\t\t\t<span class=\"elementor-icon-list-icon\">\n\t\t\t\t\t\t\t<i aria-hidden=\"true\" class=\"far fa-calendar-times\"><\/i>\t\t\t\t\t\t<\/span>\n\t\t\t\t\t\t\t\t\t\t<span class=\"elementor-icon-list-text\">Einige Bereiche der Festung sind f\u00fcr die \u00d6ffentlichkeit frei zug\u00e4nglich, andere nur im Rahmen von F\u00fchrungen.<\/span>\n\t\t\t\t\t\t\t\t\t<\/li>\n\t\t\t\t\t\t<\/ul>\n\t\t\t\t\t\t<\/div>\n\t\t\t\t<\/div>\n\t\t\t\t<div class=\"elementor-element elementor-element-6ee3407 elementor-widget elementor-widget-heading\" data-id=\"6ee3407\" data-element_type=\"widget\" data-e-type=\"widget\" data-widget_type=\"heading.default\">\n\t\t\t\t<div class=\"elementor-widget-container\">\n\t\t\t\t\t<h2 class=\"elementor-heading-title elementor-size-default\">Eintrittspreise<\/h2>\t\t\t\t<\/div>\n\t\t\t\t<\/div>\n\t\t\t\t<div class=\"elementor-element elementor-element-b34dcca elementor-icon-list--layout-traditional elementor-list-item-link-full_width elementor-widget elementor-widget-icon-list\" data-id=\"b34dcca\" data-element_type=\"widget\" data-e-type=\"widget\" data-widget_type=\"icon-list.default\">\n\t\t\t\t<div class=\"elementor-widget-container\">\n\t\t\t\t\t\t\t<ul class=\"elementor-icon-list-items\">\n\t\t\t\t\t\t\t<li class=\"elementor-icon-list-item\">\n\t\t\t\t\t\t\t\t\t\t\t<span class=\"elementor-icon-list-icon\">\n\t\t\t\t\t\t\t<i aria-hidden=\"true\" class=\"fas fa-euro-sign\"><\/i>\t\t\t\t\t\t<\/span>\n\t\t\t\t\t\t\t\t\t\t<span class=\"elementor-icon-list-text\"><b>Tarife Museumspass: <\/b><br><i>Hochsaison (1. April - 31. Oktober)<\/i>: 11\u20ac voller Preis \/ 7\u20ac erm\u00e4\u00dfigter Preis .<br><i>Nebensaison (1. November - 31. M\u00e4rz) <\/i>: 7\u20ac voller Preis \/ 5\u20ac erm\u00e4\u00dfigter Preis.<br><b>Tarife f\u00fcr Besichtigungen Belfort Tourisme:<\/b> <br>5\u20ac voller Preis \/ 2,50\u20ac erm\u00e4\u00dfigter Preis .<\/span>\n\t\t\t\t\t\t\t\t\t<\/li>\n\t\t\t\t\t\t<\/ul>\n\t\t\t\t\t\t<\/div>\n\t\t\t\t<\/div>\n\t\t\t\t<div class=\"elementor-element elementor-element-adbbcb4 elementor-widget elementor-widget-heading\" data-id=\"adbbcb4\" data-element_type=\"widget\" data-e-type=\"widget\" data-widget_type=\"heading.default\">\n\t\t\t\t<div class=\"elementor-widget-container\">\n\t\t\t\t\t<h2 class=\"elementor-heading-title elementor-size-default\">Kontakt<\/h2>\t\t\t\t<\/div>\n\t\t\t\t<\/div>\n\t\t\t\t<div class=\"elementor-element elementor-element-7404072 elementor-icon-list--layout-traditional elementor-list-item-link-full_width elementor-widget elementor-widget-icon-list\" data-id=\"7404072\" data-element_type=\"widget\" data-e-type=\"widget\" data-widget_type=\"icon-list.default\">\n\t\t\t\t<div class=\"elementor-widget-container\">\n\t\t\t\t\t\t\t<ul class=\"elementor-icon-list-items\">\n\t\t\t\t\t\t\t<li class=\"elementor-icon-list-item\">\n\t\t\t\t\t\t\t\t\t\t\t<a href=\"mailto:musees@mairie-belfort.fr\">\n\n\t\t\t\t\t\t\t\t\t\t\t\t<span class=\"elementor-icon-list-icon\">\n\t\t\t\t\t\t\t<i aria-hidden=\"true\" class=\"far fa-envelope\"><\/i>\t\t\t\t\t\t<\/span>\n\t\t\t\t\t\t\t\t\t\t<span class=\"elementor-icon-list-text\">musees@mairie-belfort.fr<\/span>\n\t\t\t\t\t\t\t\t\t\t\t<\/a>\n\t\t\t\t\t\t\t\t\t<\/li>\n\t\t\t\t\t\t\t\t<li class=\"elementor-icon-list-item\">\n\t\t\t\t\t\t\t\t\t\t\t<span class=\"elementor-icon-list-icon\">\n\t\t\t\t\t\t\t<i aria-hidden=\"true\" class=\"fas fa-phone\"><\/i>\t\t\t\t\t\t<\/span>\n\t\t\t\t\t\t\t\t\t\t<span class=\"elementor-icon-list-text\">03 84 54 25 51<\/span>\n\t\t\t\t\t\t\t\t\t<\/li>\n\t\t\t\t\t\t\t\t<li class=\"elementor-icon-list-item\">\n\t\t\t\t\t\t\t\t\t\t\t<a href=\"https:\/\/musees.belfort.fr\/accueil-991.html\" target=\"_blank\">\n\n\t\t\t\t\t\t\t\t\t\t\t\t<span class=\"elementor-icon-list-icon\">\n\t\t\t\t\t\t\t<i aria-hidden=\"true\" class=\"fas fa-mouse-pointer\"><\/i>\t\t\t\t\t\t<\/span>\n\t\t\t\t\t\t\t\t\t\t<span class=\"elementor-icon-list-text\">Website<\/span>\n\t\t\t\t\t\t\t\t\t\t\t<\/a>\n\t\t\t\t\t\t\t\t\t<\/li>\n\t\t\t\t\t\t<\/ul>\n\t\t\t\t\t\t<\/div>\n\t\t\t\t<\/div>\n\t\t\t\t<div class=\"elementor-element elementor-element-a4de6a4 elementor-widget elementor-widget-heading\" data-id=\"a4de6a4\" data-element_type=\"widget\" data-e-type=\"widget\" data-widget_type=\"heading.default\">\n\t\t\t\t<div class=\"elementor-widget-container\">\n\t\t\t\t\t<h2 class=\"elementor-heading-title elementor-size-default\">Soziale Medien<\/h2>\t\t\t\t<\/div>\n\t\t\t\t<\/div>\n\t\t\t\t<div class=\"elementor-element elementor-element-c817f3a e-grid-align-left elementor-shape-rounded elementor-grid-0 elementor-widget elementor-widget-social-icons\" data-id=\"c817f3a\" data-element_type=\"widget\" data-e-type=\"widget\" data-widget_type=\"social-icons.default\">\n\t\t\t\t<div class=\"elementor-widget-container\">\n\t\t\t\t\t\t\t<div class=\"elementor-social-icons-wrapper elementor-grid\">\n\t\t\t\t\t\t\t<span class=\"elementor-grid-item\">\n\t\t\t\t\t<a class=\"elementor-icon elementor-social-icon elementor-social-icon-facebook elementor-repeater-item-f7ab6d7\" href=\"https:\/\/fr-fr.facebook.com\/museesetcitadelle\/\" target=\"_blank\">\n\t\t\t\t\t\t<span class=\"elementor-screen-only\">Facebook<\/span>\n\t\t\t\t\t\t<i aria-hidden=\"true\" class=\"fab fa-facebook\"><\/i>\t\t\t\t\t<\/a>\n\t\t\t\t<\/span>\n\t\t\t\t\t<\/div>\n\t\t\t\t\t\t<\/div>\n\t\t\t\t<\/div>\n\t\t\t\t\t<\/div>\n\t\t<\/div>\n\t\t\t\t\t<\/div>\n\t\t<\/section>\n\t\t\t\t\t<\/div>\n\t\t<\/div>\n\t\t\t\t<div class=\"elementor-column elementor-col-66 elementor-top-column elementor-element elementor-element-5a9e1b8\" data-id=\"5a9e1b8\" data-element_type=\"column\" data-e-type=\"column\">\n\t\t\t<div class=\"elementor-widget-wrap elementor-element-populated\">\n\t\t\t\t\t\t<div class=\"elementor-element elementor-element-5c6970f elementor-widget elementor-widget-heading\" data-id=\"5c6970f\" data-element_type=\"widget\" data-e-type=\"widget\" data-widget_type=\"heading.default\">\n\t\t\t\t<div class=\"elementor-widget-container\">\n\t\t\t\t\t<h2 class=\"elementor-heading-title elementor-size-default\">IHRE GESCHICHTE<\/h2>\t\t\t\t<\/div>\n\t\t\t\t<\/div>\n\t\t\t\t<div class=\"elementor-element elementor-element-55661e2 elementor-widget elementor-widget-text-editor\" data-id=\"55661e2\" data-element_type=\"widget\" data-e-type=\"widget\" data-widget_type=\"text-editor.default\">\n\t\t\t\t<div class=\"elementor-widget-container\">\n\t\t\t\t\t\t\t\t\t<p>Die Zitadelle von Belfort ist ein historisch vielschichtiges Geb\u00e4ude, in dem sich f\u00fcnf Jahrhunderte Befestigungsanlagen widerspiegeln. Sie wurde nach der Eroberung der Stadt im Jahr 1687 errichtet. Sie ersetzte eine mittelalterliche Burg, die vorher auf diesem Felsvorsprung stand. Der Ingenieur, Milit\u00e4rarchitekt S\u00e9bastien Le Preste, Marquis de Vauban, f\u00fcgte ein 14 Hektar gro\u00dfes Befestigungssystem mit drei Bastionst\u00fcrmen (Turm 27, Turm 41 und Turm 46) hinzu, das sich \u00fcber die R\u00fcckseite des Schlosses erstreckte. <\/p>\n<p>Durch zwei Tore, von denen das Breisacher Tor noch heute erhalten ist, gelangte man zu diesen Ringmauern. Am Ende des Ersten Kaiserreichs sollte die Stadt ihre letzte gro\u00dfe Festungszeit erleben, als General Beno\u00eet Haxo und der Ingenieuroffizier Aristide Denfert Rochereau das Verteidigungssystem der Zitadelle verdichteten. Die beiden H\u00fcgel Miotte und Justice wurden befestigt, um die k\u00f6nigliche Stra\u00dfe ins Elsass zu versperren. Das Gebiet zwischen diesen beiden Forts bis hin zur Stadt und der Zitadelle trug den Namen \u201ecamp retranch\u00e9 de Belfort\u201c (Milit\u00e4rst\u00fctzpunkt) und war f\u00fcr eine Garnison von 15.000 Mann ausgelegt. Diese moderne Festung, die 1870 w\u00e4hrend des Deutsch-Franz\u00f6sischen Krieges, in dem die Belforter heldenhaft Widerstand leisteten, ber\u00fchmt wurde, ist das ganze Jahr \u00fcber frei zug\u00e4nglich. <\/p>\n<p>Mehrmals im Jahr finden dort vom Fremdenverkehrsamt von Belfort organisierte F\u00fchrungen statt. Im August veranstaltet die Stadt in der Zitadelle von Belfort \u201eUn \u00e9t\u00e9 sous les murailles\u201c (Sommer in den Mauern), ein reichhaltiges kulinarisches Programm mit Konzerten, Workshops, theatralischen F\u00fchrungen und Auff\u00fchrungen. In der Ringmauer der Zitadelle befindet sich auch das Geschichtsmuseum, das das ganze Jahr \u00fcber au\u00dfer dienstags zug\u00e4nglich ist.<\/p>\n\t\t\t\t\t\t\t\t<\/div>\n\t\t\t\t<\/div>\n\t\t\t\t<div class=\"elementor-element elementor-element-e53235f elementor-widget elementor-widget-heading\" data-id=\"e53235f\" data-element_type=\"widget\" data-e-type=\"widget\" data-widget_type=\"heading.default\">\n\t\t\t\t<div class=\"elementor-widget-container\">\n\t\t\t\t\t<h2 class=\"elementor-heading-title elementor-size-default\">Fotos<\/h2>\t\t\t\t<\/div>\n\t\t\t\t<\/div>\n\t\t\t\t<div class=\"elementor-element elementor-element-8c6073e elementor-widget elementor-widget-gallery\" data-id=\"8c6073e\" data-element_type=\"widget\" data-e-type=\"widget\" data-settings=\"{&quot;columns&quot;:3,&quot;lazyload&quot;:&quot;yes&quot;,&quot;gallery_layout&quot;:&quot;grid&quot;,&quot;columns_tablet&quot;:2,&quot;columns_mobile&quot;:1,&quot;gap&quot;:{&quot;unit&quot;:&quot;px&quot;,&quot;size&quot;:10,&quot;sizes&quot;:[]},&quot;gap_tablet&quot;:{&quot;unit&quot;:&quot;px&quot;,&quot;size&quot;:10,&quot;sizes&quot;:[]},&quot;gap_mobile&quot;:{&quot;unit&quot;:&quot;px&quot;,&quot;size&quot;:10,&quot;sizes&quot;:[]},&quot;link_to&quot;:&quot;file&quot;,&quot;aspect_ratio&quot;:&quot;3:2&quot;,&quot;overlay_background&quot;:&quot;yes&quot;,&quot;content_hover_animation&quot;:&quot;fade-in&quot;}\" data-widget_type=\"gallery.default\">\n\t\t\t\t<div class=\"elementor-widget-container\">\n\t\t\t\t\t\t\t<div class=\"elementor-gallery__container\">\n\t\t\t\t\t\t\t<a class=\"e-gallery-item elementor-gallery-item elementor-animated-content\" href=\"https:\/\/www.franchementforts.fr\/wp-content\/uploads\/2022\/11\/CitadelleBelfort-100722SC-5.jpg\" data-elementor-open-lightbox=\"yes\" data-elementor-lightbox-slideshow=\"8c6073e\" data-elementor-lightbox-title=\"CitadelleBelfort-100722SC-(5)\" data-e-action-hash=\"#elementor-action%3Aaction%3Dlightbox%26settings%3DeyJpZCI6OTgzLCJ1cmwiOiJodHRwczpcL1wvd3d3LmZyYW5jaGVtZW50Zm9ydHMuZnJcL3dwLWNvbnRlbnRcL3VwbG9hZHNcLzIwMjJcLzExXC9DaXRhZGVsbGVCZWxmb3J0LTEwMDcyMlNDLTUuanBnIiwic2xpZGVzaG93IjoiOGM2MDczZSJ9\">\n\t\t\t\t\t<div class=\"e-gallery-image elementor-gallery-item__image\" data-thumbnail=\"https:\/\/www.franchementforts.fr\/wp-content\/uploads\/2022\/11\/CitadelleBelfort-100722SC-5-768x512.jpg\" data-width=\"768\" data-height=\"512\" aria-label=\"\" role=\"img\" ><\/div>\n\t\t\t\t\t\t\t\t\t\t\t<div class=\"elementor-gallery-item__overlay\"><\/div>\n\t\t\t\t\t\t\t\t\t\t\t\t\t\t<\/a>\n\t\t\t\t\t\t\t<a class=\"e-gallery-item elementor-gallery-item elementor-animated-content\" href=\"https:\/\/www.franchementforts.fr\/wp-content\/uploads\/2022\/11\/CitadelleBelfort-100722SC-6.jpg\" data-elementor-open-lightbox=\"yes\" data-elementor-lightbox-slideshow=\"8c6073e\" data-elementor-lightbox-title=\"CitadelleBelfort-100722SC-(6)\" data-e-action-hash=\"#elementor-action%3Aaction%3Dlightbox%26settings%3DeyJpZCI6OTg1LCJ1cmwiOiJodHRwczpcL1wvd3d3LmZyYW5jaGVtZW50Zm9ydHMuZnJcL3dwLWNvbnRlbnRcL3VwbG9hZHNcLzIwMjJcLzExXC9DaXRhZGVsbGVCZWxmb3J0LTEwMDcyMlNDLTYuanBnIiwic2xpZGVzaG93IjoiOGM2MDczZSJ9\">\n\t\t\t\t\t<div class=\"e-gallery-image elementor-gallery-item__image\" data-thumbnail=\"https:\/\/www.franchementforts.fr\/wp-content\/uploads\/2022\/11\/CitadelleBelfort-100722SC-6-768x513.jpg\" data-width=\"768\" data-height=\"513\" aria-label=\"\" role=\"img\" ><\/div>\n\t\t\t\t\t\t\t\t\t\t\t<div class=\"elementor-gallery-item__overlay\"><\/div>\n\t\t\t\t\t\t\t\t\t\t\t\t\t\t<\/a>\n\t\t\t\t\t\t\t<a class=\"e-gallery-item elementor-gallery-item elementor-animated-content\" href=\"https:\/\/www.franchementforts.fr\/wp-content\/uploads\/2022\/11\/CitadelleBelfort-100722SC-8.jpg\" data-elementor-open-lightbox=\"yes\" data-elementor-lightbox-slideshow=\"8c6073e\" data-elementor-lightbox-title=\"CitadelleBelfort-100722SC-(8)\" data-e-action-hash=\"#elementor-action%3Aaction%3Dlightbox%26settings%3DeyJpZCI6OTg2LCJ1cmwiOiJodHRwczpcL1wvd3d3LmZyYW5jaGVtZW50Zm9ydHMuZnJcL3dwLWNvbnRlbnRcL3VwbG9hZHNcLzIwMjJcLzExXC9DaXRhZGVsbGVCZWxmb3J0LTEwMDcyMlNDLTguanBnIiwic2xpZGVzaG93IjoiOGM2MDczZSJ9\">\n\t\t\t\t\t<div class=\"e-gallery-image elementor-gallery-item__image\" data-thumbnail=\"https:\/\/www.franchementforts.fr\/wp-content\/uploads\/2022\/11\/CitadelleBelfort-100722SC-8-768x513.jpg\" data-width=\"768\" data-height=\"513\" aria-label=\"\" role=\"img\" ><\/div>\n\t\t\t\t\t\t\t\t\t\t\t<div class=\"elementor-gallery-item__overlay\"><\/div>\n\t\t\t\t\t\t\t\t\t\t\t\t\t\t<\/a>\n\t\t\t\t\t\t\t<a class=\"e-gallery-item elementor-gallery-item elementor-animated-content\" href=\"https:\/\/www.franchementforts.fr\/wp-content\/uploads\/2022\/11\/CitadelleBelfort-100722SC-10.jpg\" data-elementor-open-lightbox=\"yes\" data-elementor-lightbox-slideshow=\"8c6073e\" data-elementor-lightbox-title=\"CitadelleBelfort-100722SC-(10)\" data-e-action-hash=\"#elementor-action%3Aaction%3Dlightbox%26settings%3DeyJpZCI6OTg3LCJ1cmwiOiJodHRwczpcL1wvd3d3LmZyYW5jaGVtZW50Zm9ydHMuZnJcL3dwLWNvbnRlbnRcL3VwbG9hZHNcLzIwMjJcLzExXC9DaXRhZGVsbGVCZWxmb3J0LTEwMDcyMlNDLTEwLmpwZyIsInNsaWRlc2hvdyI6IjhjNjA3M2UifQ%3D%3D\">\n\t\t\t\t\t<div class=\"e-gallery-image elementor-gallery-item__image\" data-thumbnail=\"https:\/\/www.franchementforts.fr\/wp-content\/uploads\/2022\/11\/CitadelleBelfort-100722SC-10-768x513.jpg\" data-width=\"768\" data-height=\"513\" aria-label=\"\" role=\"img\" ><\/div>\n\t\t\t\t\t\t\t\t\t\t\t<div class=\"elementor-gallery-item__overlay\"><\/div>\n\t\t\t\t\t\t\t\t\t\t\t\t\t\t<\/a>\n\t\t\t\t\t\t\t<a class=\"e-gallery-item elementor-gallery-item elementor-animated-content\" href=\"https:\/\/www.franchementforts.fr\/wp-content\/uploads\/2022\/11\/CitadelleBelfort-100722SC-11.jpg\" data-elementor-open-lightbox=\"yes\" data-elementor-lightbox-slideshow=\"8c6073e\" data-elementor-lightbox-title=\"CitadelleBelfort-100722SC-(11)\" data-e-action-hash=\"#elementor-action%3Aaction%3Dlightbox%26settings%3DeyJpZCI6OTg4LCJ1cmwiOiJodHRwczpcL1wvd3d3LmZyYW5jaGVtZW50Zm9ydHMuZnJcL3dwLWNvbnRlbnRcL3VwbG9hZHNcLzIwMjJcLzExXC9DaXRhZGVsbGVCZWxmb3J0LTEwMDcyMlNDLTExLmpwZyIsInNsaWRlc2hvdyI6IjhjNjA3M2UifQ%3D%3D\">\n\t\t\t\t\t<div class=\"e-gallery-image elementor-gallery-item__image\" data-thumbnail=\"https:\/\/www.franchementforts.fr\/wp-content\/uploads\/2022\/11\/CitadelleBelfort-100722SC-11-768x513.jpg\" data-width=\"768\" data-height=\"513\" aria-label=\"\" role=\"img\" ><\/div>\n\t\t\t\t\t\t\t\t\t\t\t<div class=\"elementor-gallery-item__overlay\"><\/div>\n\t\t\t\t\t\t\t\t\t\t\t\t\t\t<\/a>\n\t\t\t\t\t\t\t<a class=\"e-gallery-item elementor-gallery-item elementor-animated-content\" href=\"https:\/\/www.franchementforts.fr\/wp-content\/uploads\/2022\/11\/CitadelleBelfort-100722SC-12.jpg\" data-elementor-open-lightbox=\"yes\" data-elementor-lightbox-slideshow=\"8c6073e\" data-elementor-lightbox-title=\"CitadelleBelfort-100722SC-(12)\" data-e-action-hash=\"#elementor-action%3Aaction%3Dlightbox%26settings%3DeyJpZCI6OTg5LCJ1cmwiOiJodHRwczpcL1wvd3d3LmZyYW5jaGVtZW50Zm9ydHMuZnJcL3dwLWNvbnRlbnRcL3VwbG9hZHNcLzIwMjJcLzExXC9DaXRhZGVsbGVCZWxmb3J0LTEwMDcyMlNDLTEyLmpwZyIsInNsaWRlc2hvdyI6IjhjNjA3M2UifQ%3D%3D\">\n\t\t\t\t\t<div class=\"e-gallery-image elementor-gallery-item__image\" data-thumbnail=\"https:\/\/www.franchementforts.fr\/wp-content\/uploads\/2022\/11\/CitadelleBelfort-100722SC-12-768x513.jpg\" data-width=\"768\" data-height=\"513\" aria-label=\"\" role=\"img\" ><\/div>\n\t\t\t\t\t\t\t\t\t\t\t<div class=\"elementor-gallery-item__overlay\"><\/div>\n\t\t\t\t\t\t\t\t\t\t\t\t\t\t<\/a>\n\t\t\t\t\t\t\t<a class=\"e-gallery-item elementor-gallery-item elementor-animated-content\" href=\"https:\/\/www.franchementforts.fr\/wp-content\/uploads\/2022\/11\/CitadelleBelfort-100722SC-13.jpg\" data-elementor-open-lightbox=\"yes\" data-elementor-lightbox-slideshow=\"8c6073e\" data-elementor-lightbox-title=\"CitadelleBelfort-100722SC-(13)\" data-e-action-hash=\"#elementor-action%3Aaction%3Dlightbox%26settings%3DeyJpZCI6OTkwLCJ1cmwiOiJodHRwczpcL1wvd3d3LmZyYW5jaGVtZW50Zm9ydHMuZnJcL3dwLWNvbnRlbnRcL3VwbG9hZHNcLzIwMjJcLzExXC9DaXRhZGVsbGVCZWxmb3J0LTEwMDcyMlNDLTEzLmpwZyIsInNsaWRlc2hvdyI6IjhjNjA3M2UifQ%3D%3D\">\n\t\t\t\t\t<div class=\"e-gallery-image elementor-gallery-item__image\" data-thumbnail=\"https:\/\/www.franchementforts.fr\/wp-content\/uploads\/2022\/11\/CitadelleBelfort-100722SC-13.jpg\" data-width=\"667\" data-height=\"1001\" aria-label=\"\" role=\"img\" ><\/div>\n\t\t\t\t\t\t\t\t\t\t\t<div class=\"elementor-gallery-item__overlay\"><\/div>\n\t\t\t\t\t\t\t\t\t\t\t\t\t\t<\/a>\n\t\t\t\t\t\t\t<a class=\"e-gallery-item elementor-gallery-item elementor-animated-content\" href=\"https:\/\/www.franchementforts.fr\/wp-content\/uploads\/2022\/11\/CitadelleBelfort-100722SC-15.jpg\" data-elementor-open-lightbox=\"yes\" data-elementor-lightbox-slideshow=\"8c6073e\" data-elementor-lightbox-title=\"CitadelleBelfort-100722SC-(15)\" data-e-action-hash=\"#elementor-action%3Aaction%3Dlightbox%26settings%3DeyJpZCI6OTkxLCJ1cmwiOiJodHRwczpcL1wvd3d3LmZyYW5jaGVtZW50Zm9ydHMuZnJcL3dwLWNvbnRlbnRcL3VwbG9hZHNcLzIwMjJcLzExXC9DaXRhZGVsbGVCZWxmb3J0LTEwMDcyMlNDLTE1LmpwZyIsInNsaWRlc2hvdyI6IjhjNjA3M2UifQ%3D%3D\">\n\t\t\t\t\t<div class=\"e-gallery-image elementor-gallery-item__image\" data-thumbnail=\"https:\/\/www.franchementforts.fr\/wp-content\/uploads\/2022\/11\/CitadelleBelfort-100722SC-15.jpg\" data-width=\"667\" data-height=\"1001\" aria-label=\"\" role=\"img\" ><\/div>\n\t\t\t\t\t\t\t\t\t\t\t<div class=\"elementor-gallery-item__overlay\"><\/div>\n\t\t\t\t\t\t\t\t\t\t\t\t\t\t<\/a>\n\t\t\t\t\t\t\t<a class=\"e-gallery-item elementor-gallery-item elementor-animated-content\" href=\"https:\/\/www.franchementforts.fr\/wp-content\/uploads\/2022\/11\/CitadelleBelfort-100722SC-16.jpg\" data-elementor-open-lightbox=\"yes\" data-elementor-lightbox-slideshow=\"8c6073e\" data-elementor-lightbox-title=\"CitadelleBelfort-100722SC-(16)\" data-e-action-hash=\"#elementor-action%3Aaction%3Dlightbox%26settings%3DeyJpZCI6OTkyLCJ1cmwiOiJodHRwczpcL1wvd3d3LmZyYW5jaGVtZW50Zm9ydHMuZnJcL3dwLWNvbnRlbnRcL3VwbG9hZHNcLzIwMjJcLzExXC9DaXRhZGVsbGVCZWxmb3J0LTEwMDcyMlNDLTE2LmpwZyIsInNsaWRlc2hvdyI6IjhjNjA3M2UifQ%3D%3D\">\n\t\t\t\t\t<div class=\"e-gallery-image elementor-gallery-item__image\" data-thumbnail=\"https:\/\/www.franchementforts.fr\/wp-content\/uploads\/2022\/11\/CitadelleBelfort-100722SC-16.jpg\" data-width=\"667\" data-height=\"1001\" aria-label=\"\" role=\"img\" ><\/div>\n\t\t\t\t\t\t\t\t\t\t\t<div class=\"elementor-gallery-item__overlay\"><\/div>\n\t\t\t\t\t\t\t\t\t\t\t\t\t\t<\/a>\n\t\t\t\t\t\t\t<a class=\"e-gallery-item elementor-gallery-item elementor-animated-content\" href=\"https:\/\/www.franchementforts.fr\/wp-content\/uploads\/2022\/11\/CitadelleBelfort-100722SC-20.jpg\" data-elementor-open-lightbox=\"yes\" data-elementor-lightbox-slideshow=\"8c6073e\" data-elementor-lightbox-title=\"CitadelleBelfort-100722SC-(20)\" data-e-action-hash=\"#elementor-action%3Aaction%3Dlightbox%26settings%3DeyJpZCI6OTkzLCJ1cmwiOiJodHRwczpcL1wvd3d3LmZyYW5jaGVtZW50Zm9ydHMuZnJcL3dwLWNvbnRlbnRcL3VwbG9hZHNcLzIwMjJcLzExXC9DaXRhZGVsbGVCZWxmb3J0LTEwMDcyMlNDLTIwLmpwZyIsInNsaWRlc2hvdyI6IjhjNjA3M2UifQ%3D%3D\">\n\t\t\t\t\t<div class=\"e-gallery-image elementor-gallery-item__image\" data-thumbnail=\"https:\/\/www.franchementforts.fr\/wp-content\/uploads\/2022\/11\/CitadelleBelfort-100722SC-20.jpg\" data-width=\"668\" data-height=\"1001\" aria-label=\"\" role=\"img\" ><\/div>\n\t\t\t\t\t\t\t\t\t\t\t<div class=\"elementor-gallery-item__overlay\"><\/div>\n\t\t\t\t\t\t\t\t\t\t\t\t\t\t<\/a>\n\t\t\t\t\t\t\t<a class=\"e-gallery-item elementor-gallery-item elementor-animated-content\" href=\"https:\/\/www.franchementforts.fr\/wp-content\/uploads\/2022\/11\/CitadelleBelfort-100722SC-1.jpg\" data-elementor-open-lightbox=\"yes\" data-elementor-lightbox-slideshow=\"8c6073e\" data-elementor-lightbox-title=\"CitadelleBelfort-100722SC-(1)\" data-e-action-hash=\"#elementor-action%3Aaction%3Dlightbox%26settings%3DeyJpZCI6OTgyLCJ1cmwiOiJodHRwczpcL1wvd3d3LmZyYW5jaGVtZW50Zm9ydHMuZnJcL3dwLWNvbnRlbnRcL3VwbG9hZHNcLzIwMjJcLzExXC9DaXRhZGVsbGVCZWxmb3J0LTEwMDcyMlNDLTEuanBnIiwic2xpZGVzaG93IjoiOGM2MDczZSJ9\">\n\t\t\t\t\t<div class=\"e-gallery-image elementor-gallery-item__image\" data-thumbnail=\"https:\/\/www.franchementforts.fr\/wp-content\/uploads\/2022\/11\/CitadelleBelfort-100722SC-1-768x512.jpg\" data-width=\"768\" data-height=\"512\" aria-label=\"\" role=\"img\" ><\/div>\n\t\t\t\t\t\t\t\t\t\t\t<div class=\"elementor-gallery-item__overlay\"><\/div>\n\t\t\t\t\t\t\t\t\t\t\t\t\t\t<\/a>\n\t\t\t\t\t\t\t<a class=\"e-gallery-item elementor-gallery-item elementor-animated-content\" href=\"https:\/\/www.franchementforts.fr\/wp-content\/uploads\/2023\/03\/monument-prefere-des-francais.jpg\" data-elementor-open-lightbox=\"yes\" data-elementor-lightbox-slideshow=\"8c6073e\" data-elementor-lightbox-title=\"monument prefere des fran\u00e7ais\" data-e-action-hash=\"#elementor-action%3Aaction%3Dlightbox%26settings%3DeyJpZCI6MTgwMiwidXJsIjoiaHR0cHM6XC9cL3d3dy5mcmFuY2hlbWVudGZvcnRzLmZyXC93cC1jb250ZW50XC91cGxvYWRzXC8yMDIzXC8wM1wvbW9udW1lbnQtcHJlZmVyZS1kZXMtZnJhbmNhaXMuanBnIiwic2xpZGVzaG93IjoiOGM2MDczZSJ9\">\n\t\t\t\t\t<div class=\"e-gallery-image elementor-gallery-item__image\" data-thumbnail=\"https:\/\/www.franchementforts.fr\/wp-content\/uploads\/2023\/03\/monument-prefere-des-francais.jpg\" data-width=\"300\" data-height=\"200\" aria-label=\"\" role=\"img\" ><\/div>\n\t\t\t\t\t\t\t\t\t\t\t<div class=\"elementor-gallery-item__overlay\"><\/div>\n\t\t\t\t\t\t\t\t\t\t\t\t\t\t<\/a>\n\t\t\t\t\t<\/div>\n\t\t\t\t\t<\/div>\n\t\t\t\t<\/div>\n\t\t\t\t<div class=\"elementor-element elementor-element-4aa40f3 elementor-widget elementor-widget-heading\" data-id=\"4aa40f3\" data-element_type=\"widget\" data-e-type=\"widget\" data-widget_type=\"heading.default\">\n\t\t\t\t<div class=\"elementor-widget-container\">\n\t\t\t\t\t<h2 class=\"elementor-heading-title elementor-size-default\">Lokalisierung<\/h2>\t\t\t\t<\/div>\n\t\t\t\t<\/div>\n\t\t\t\t<div class=\"elementor-element elementor-element-5c11e96 elementor-widget elementor-widget-text-editor\" data-id=\"5c11e96\" data-element_type=\"widget\" data-e-type=\"widget\" data-widget_type=\"text-editor.default\">\n\t\t\t\t<div class=\"elementor-widget-container\">\n\t\t\t\t\t\t\t\t\t<p><iframe src=\"https:\/\/www.google.com\/maps\/embed?pb=!1m18!1m12!1m3!1d2688.4582776353686!2d6.862668015665655!3d47.63666069389411!2m3!1f0!2f0!3f0!3m2!1i1024!2i768!4f13.1!3m3!1m2!1s0x47923b608d3af44d%3A0x32689ed92e1de3fe!2sCitadelle%20de%20Belfort!5e0!3m2!1sfr!2sfr!4v1660148924793!5m2!1sfr!2sfr\" width=\"600\" height=\"450\" style=\"border:0;\" allowfullscreen=\"\" loading=\"lazy\" referrerpolicy=\"no-referrer-when-downgrade\"><\/iframe><\/p>\n\t\t\t\t\t\t\t\t<\/div>\n\t\t\t\t<\/div>\n\t\t\t\t<div class=\"elementor-element elementor-element-cd9221d elementor-widget elementor-widget-heading\" data-id=\"cd9221d\" data-element_type=\"widget\" data-e-type=\"widget\" data-widget_type=\"heading.default\">\n\t\t\t\t<div class=\"elementor-widget-container\">\n\t\t\t\t\t<h2 class=\"elementor-heading-title elementor-size-default\">Labels<\/h2>\t\t\t\t<\/div>\n\t\t\t\t<\/div>\n\t\t\t\t<section class=\"elementor-section elementor-inner-section elementor-element elementor-element-54d7e1e elementor-section-boxed elementor-section-height-default elementor-section-height-default\" data-id=\"54d7e1e\" data-element_type=\"section\" data-e-type=\"section\">\n\t\t\t\t\t\t<div class=\"elementor-container elementor-column-gap-default\">\n\t\t\t\t\t<div class=\"elementor-column elementor-col-33 elementor-inner-column elementor-element elementor-element-9cd163f\" data-id=\"9cd163f\" data-element_type=\"column\" data-e-type=\"column\">\n\t\t\t<div class=\"elementor-widget-wrap elementor-element-populated\">\n\t\t\t\t\t\t<div class=\"elementor-element elementor-element-1eb5c6a elementor-arrows-position-inside elementor-pagination-position-outside elementor-widget elementor-widget-image-carousel\" data-id=\"1eb5c6a\" data-element_type=\"widget\" data-e-type=\"widget\" data-settings=\"{&quot;navigation&quot;:&quot;both&quot;,&quot;autoplay&quot;:&quot;yes&quot;,&quot;pause_on_hover&quot;:&quot;yes&quot;,&quot;pause_on_interaction&quot;:&quot;yes&quot;,&quot;autoplay_speed&quot;:5000,&quot;infinite&quot;:&quot;yes&quot;,&quot;speed&quot;:500}\" data-widget_type=\"image-carousel.default\">\n\t\t\t\t<div class=\"elementor-widget-container\">\n\t\t\t\t\t\t\t<div class=\"elementor-image-carousel-wrapper swiper\" role=\"region\" aria-roledescription=\"carousel\" aria-label=\"Bild Karussell\" dir=\"ltr\">\n\t\t\t<div class=\"elementor-image-carousel swiper-wrapper\" aria-live=\"off\">\n\t\t\t\t\t\t\t\t<div class=\"swiper-slide\" role=\"group\" aria-roledescription=\"slide\" aria-label=\"1 von 1\"><figure class=\"swiper-slide-inner\"><img decoding=\"async\" class=\"swiper-slide-image\" src=\"https:\/\/www.franchementforts.fr\/wp-content\/uploads\/2022\/08\/logo-monument-historique-100.jpeg\" alt=\"logo-monument-historique-100\" \/><\/figure><\/div>\t\t\t<\/div>\n\t\t\t\t\t<\/div>\n\t\t\t\t\t\t<\/div>\n\t\t\t\t<\/div>\n\t\t\t\t\t<\/div>\n\t\t<\/div>\n\t\t\t\t<div class=\"elementor-column elementor-col-33 elementor-inner-column elementor-element elementor-element-cb15ee0\" data-id=\"cb15ee0\" data-element_type=\"column\" data-e-type=\"column\">\n\t\t\t<div class=\"elementor-widget-wrap\">\n\t\t\t\t\t\t\t<\/div>\n\t\t<\/div>\n\t\t\t\t<div class=\"elementor-column elementor-col-33 elementor-inner-column elementor-element elementor-element-b4421fa\" data-id=\"b4421fa\" data-element_type=\"column\" data-e-type=\"column\">\n\t\t\t<div class=\"elementor-widget-wrap\">\n\t\t\t\t\t\t\t<\/div>\n\t\t<\/div>\n\t\t\t\t\t<\/div>\n\t\t<\/section>\n\t\t\t\t<div class=\"elementor-element elementor-element-afc422c elementor-widget-divider--view-line elementor-widget elementor-widget-divider\" data-id=\"afc422c\" data-element_type=\"widget\" data-e-type=\"widget\" data-widget_type=\"divider.default\">\n\t\t\t\t<div class=\"elementor-widget-container\">\n\t\t\t\t\t\t\t<div class=\"elementor-divider\">\n\t\t\t<span class=\"elementor-divider-separator\">\n\t\t\t\t\t\t<\/span>\n\t\t<\/div>\n\t\t\t\t\t\t<\/div>\n\t\t\t\t<\/div>\n\t\t\t\t\t<\/div>\n\t\t<\/div>\n\t\t\t\t\t<\/div>\n\t\t<\/section>\n\t\t\t\t<\/div>\n\t\t","protected":false},"excerpt":{"rendered":"<p>CITADELLE de Belfort Wo? Rue Xavier Bauer, 90000 Belfort 47.63679, 6.86484 Wann? Einige Bereiche der Festung sind f\u00fcr die \u00d6ffentlichkeit frei zug\u00e4nglich, andere nur im Rahmen von F\u00fchrungen. Eintrittspreise Tarife Museumspass: Hochsaison (1. April &#8211; 31. Oktober): 11\u20ac voller Preis \/ 7\u20ac erm\u00e4\u00dfigter Preis .Nebensaison (1. November &#8211; 31. M\u00e4rz) : 7\u20ac voller Preis \/ [&hellip;]<\/p>\n","protected":false},"author":1,"featured_media":1575,"parent":0,"menu_order":0,"comment_status":"closed","ping_status":"closed","template":"","meta":{"_acf_changed":false,"footnotes":""},"class_list":["post-3621","page","type-page","status-publish","has-post-thumbnail","hentry"],"acf":[],"yoast_head":"<!-- This site is optimized with the Yoast SEO plugin v27.4 - https:\/\/yoast.com\/product\/yoast-seo-wordpress\/ -->\n<title>Die Belfort-Zitadelle - Franchement Forts<\/title>\n<meta name=\"robots\" content=\"index, follow, max-snippet:-1, max-image-preview:large, max-video-preview:-1\" \/>\n<link rel=\"canonical\" href=\"https:\/\/www.franchementforts.fr\/de\/die-belfort-zitadelle\/\" \/>\n<meta property=\"og:locale\" content=\"de_DE\" \/>\n<meta property=\"og:type\" content=\"article\" \/>\n<meta property=\"og:title\" content=\"Die Belfort-Zitadelle - Franchement Forts\" \/>\n<meta property=\"og:description\" content=\"CITADELLE de Belfort Wo? Rue Xavier Bauer, 90000 Belfort 47.63679, 6.86484 Wann? Einige Bereiche der Festung sind f\u00fcr die \u00d6ffentlichkeit frei zug\u00e4nglich, andere nur im Rahmen von F\u00fchrungen. Eintrittspreise Tarife Museumspass: Hochsaison (1. April &#8211; 31. Oktober): 11\u20ac voller Preis \/ 7\u20ac erm\u00e4\u00dfigter Preis .Nebensaison (1. November &#8211; 31. M\u00e4rz) : 7\u20ac voller Preis \/ [&hellip;]\" \/>\n<meta property=\"og:url\" content=\"https:\/\/www.franchementforts.fr\/de\/die-belfort-zitadelle\/\" \/>\n<meta property=\"og:site_name\" content=\"Franchement Forts\" \/>\n<meta property=\"article:modified_time\" content=\"2023-11-21T15:00:00+00:00\" \/>\n<meta property=\"og:image\" content=\"https:\/\/www.franchementforts.fr\/wp-content\/uploads\/2022\/11\/CitadelleBelfort_couv.jpg\" \/>\n\t<meta property=\"og:image:width\" content=\"2000\" \/>\n\t<meta property=\"og:image:height\" content=\"1333\" \/>\n\t<meta property=\"og:image:type\" content=\"image\/jpeg\" \/>\n<meta name=\"twitter:card\" content=\"summary_large_image\" \/>\n<meta name=\"twitter:label1\" content=\"Gesch\u00e4tzte Lesezeit\" \/>\n\t<meta name=\"twitter:data1\" content=\"2\u00a0Minuten\" \/>\n<script type=\"application\/ld+json\" class=\"yoast-schema-graph\">{\"@context\":\"https:\\\/\\\/schema.org\",\"@graph\":[{\"@type\":\"WebPage\",\"@id\":\"https:\\\/\\\/www.franchementforts.fr\\\/de\\\/die-belfort-zitadelle\\\/\",\"url\":\"https:\\\/\\\/www.franchementforts.fr\\\/de\\\/die-belfort-zitadelle\\\/\",\"name\":\"Die Belfort-Zitadelle - Franchement Forts\",\"isPartOf\":{\"@id\":\"https:\\\/\\\/www.franchementforts.fr\\\/#website\"},\"primaryImageOfPage\":{\"@id\":\"https:\\\/\\\/www.franchementforts.fr\\\/de\\\/die-belfort-zitadelle\\\/#primaryimage\"},\"image\":{\"@id\":\"https:\\\/\\\/www.franchementforts.fr\\\/de\\\/die-belfort-zitadelle\\\/#primaryimage\"},\"thumbnailUrl\":\"https:\\\/\\\/www.franchementforts.fr\\\/wp-content\\\/uploads\\\/2022\\\/11\\\/CitadelleBelfort_couv.jpg\",\"datePublished\":\"2022-08-10T16:24:21+00:00\",\"dateModified\":\"2023-11-21T15:00:00+00:00\",\"breadcrumb\":{\"@id\":\"https:\\\/\\\/www.franchementforts.fr\\\/de\\\/die-belfort-zitadelle\\\/#breadcrumb\"},\"inLanguage\":\"de\",\"potentialAction\":[{\"@type\":\"ReadAction\",\"target\":[\"https:\\\/\\\/www.franchementforts.fr\\\/de\\\/die-belfort-zitadelle\\\/\"]}]},{\"@type\":\"ImageObject\",\"inLanguage\":\"de\",\"@id\":\"https:\\\/\\\/www.franchementforts.fr\\\/de\\\/die-belfort-zitadelle\\\/#primaryimage\",\"url\":\"https:\\\/\\\/www.franchementforts.fr\\\/wp-content\\\/uploads\\\/2022\\\/11\\\/CitadelleBelfort_couv.jpg\",\"contentUrl\":\"https:\\\/\\\/www.franchementforts.fr\\\/wp-content\\\/uploads\\\/2022\\\/11\\\/CitadelleBelfort_couv.jpg\",\"width\":2000,\"height\":1333},{\"@type\":\"BreadcrumbList\",\"@id\":\"https:\\\/\\\/www.franchementforts.fr\\\/de\\\/die-belfort-zitadelle\\\/#breadcrumb\",\"itemListElement\":[{\"@type\":\"ListItem\",\"position\":1,\"name\":\"Accueil\",\"item\":\"https:\\\/\\\/www.franchementforts.fr\\\/\"},{\"@type\":\"ListItem\",\"position\":2,\"name\":\"Die Belfort-Zitadelle\"}]},{\"@type\":\"WebSite\",\"@id\":\"https:\\\/\\\/www.franchementforts.fr\\\/#website\",\"url\":\"https:\\\/\\\/www.franchementforts.fr\\\/\",\"name\":\"Franchement Forts\",\"description\":\"\",\"publisher\":{\"@id\":\"https:\\\/\\\/www.franchementforts.fr\\\/#organization\"},\"potentialAction\":[{\"@type\":\"SearchAction\",\"target\":{\"@type\":\"EntryPoint\",\"urlTemplate\":\"https:\\\/\\\/www.franchementforts.fr\\\/?s={search_term_string}\"},\"query-input\":{\"@type\":\"PropertyValueSpecification\",\"valueRequired\":true,\"valueName\":\"search_term_string\"}}],\"inLanguage\":\"de\"},{\"@type\":\"Organization\",\"@id\":\"https:\\\/\\\/www.franchementforts.fr\\\/#organization\",\"name\":\"Franchement forts\",\"url\":\"https:\\\/\\\/www.franchementforts.fr\\\/\",\"logo\":{\"@type\":\"ImageObject\",\"inLanguage\":\"de\",\"@id\":\"https:\\\/\\\/www.franchementforts.fr\\\/#\\\/schema\\\/logo\\\/image\\\/\",\"url\":\"https:\\\/\\\/www.franchementforts.fr\\\/wp-content\\\/uploads\\\/2023\\\/04\\\/LogoCNFC.png\",\"contentUrl\":\"https:\\\/\\\/www.franchementforts.fr\\\/wp-content\\\/uploads\\\/2023\\\/04\\\/LogoCNFC.png\",\"width\":600,\"height\":567,\"caption\":\"Franchement forts\"},\"image\":{\"@id\":\"https:\\\/\\\/www.franchementforts.fr\\\/#\\\/schema\\\/logo\\\/image\\\/\"}}]}<\/script>\n<!-- \/ Yoast SEO plugin. -->","yoast_head_json":{"title":"Die Belfort-Zitadelle - Franchement Forts","robots":{"index":"index","follow":"follow","max-snippet":"max-snippet:-1","max-image-preview":"max-image-preview:large","max-video-preview":"max-video-preview:-1"},"canonical":"https:\/\/www.franchementforts.fr\/de\/die-belfort-zitadelle\/","og_locale":"de_DE","og_type":"article","og_title":"Die Belfort-Zitadelle - Franchement Forts","og_description":"CITADELLE de Belfort Wo? Rue Xavier Bauer, 90000 Belfort 47.63679, 6.86484 Wann? Einige Bereiche der Festung sind f\u00fcr die \u00d6ffentlichkeit frei zug\u00e4nglich, andere nur im Rahmen von F\u00fchrungen. Eintrittspreise Tarife Museumspass: Hochsaison (1. April &#8211; 31. Oktober): 11\u20ac voller Preis \/ 7\u20ac erm\u00e4\u00dfigter Preis .Nebensaison (1. November &#8211; 31. M\u00e4rz) : 7\u20ac voller Preis \/ [&hellip;]","og_url":"https:\/\/www.franchementforts.fr\/de\/die-belfort-zitadelle\/","og_site_name":"Franchement Forts","article_modified_time":"2023-11-21T15:00:00+00:00","og_image":[{"width":2000,"height":1333,"url":"https:\/\/www.franchementforts.fr\/wp-content\/uploads\/2022\/11\/CitadelleBelfort_couv.jpg","type":"image\/jpeg"}],"twitter_card":"summary_large_image","twitter_misc":{"Gesch\u00e4tzte Lesezeit":"2\u00a0Minuten"},"schema":{"@context":"https:\/\/schema.org","@graph":[{"@type":"WebPage","@id":"https:\/\/www.franchementforts.fr\/de\/die-belfort-zitadelle\/","url":"https:\/\/www.franchementforts.fr\/de\/die-belfort-zitadelle\/","name":"Die Belfort-Zitadelle - Franchement Forts","isPartOf":{"@id":"https:\/\/www.franchementforts.fr\/#website"},"primaryImageOfPage":{"@id":"https:\/\/www.franchementforts.fr\/de\/die-belfort-zitadelle\/#primaryimage"},"image":{"@id":"https:\/\/www.franchementforts.fr\/de\/die-belfort-zitadelle\/#primaryimage"},"thumbnailUrl":"https:\/\/www.franchementforts.fr\/wp-content\/uploads\/2022\/11\/CitadelleBelfort_couv.jpg","datePublished":"2022-08-10T16:24:21+00:00","dateModified":"2023-11-21T15:00:00+00:00","breadcrumb":{"@id":"https:\/\/www.franchementforts.fr\/de\/die-belfort-zitadelle\/#breadcrumb"},"inLanguage":"de","potentialAction":[{"@type":"ReadAction","target":["https:\/\/www.franchementforts.fr\/de\/die-belfort-zitadelle\/"]}]},{"@type":"ImageObject","inLanguage":"de","@id":"https:\/\/www.franchementforts.fr\/de\/die-belfort-zitadelle\/#primaryimage","url":"https:\/\/www.franchementforts.fr\/wp-content\/uploads\/2022\/11\/CitadelleBelfort_couv.jpg","contentUrl":"https:\/\/www.franchementforts.fr\/wp-content\/uploads\/2022\/11\/CitadelleBelfort_couv.jpg","width":2000,"height":1333},{"@type":"BreadcrumbList","@id":"https:\/\/www.franchementforts.fr\/de\/die-belfort-zitadelle\/#breadcrumb","itemListElement":[{"@type":"ListItem","position":1,"name":"Accueil","item":"https:\/\/www.franchementforts.fr\/"},{"@type":"ListItem","position":2,"name":"Die Belfort-Zitadelle"}]},{"@type":"WebSite","@id":"https:\/\/www.franchementforts.fr\/#website","url":"https:\/\/www.franchementforts.fr\/","name":"Franchement Forts","description":"","publisher":{"@id":"https:\/\/www.franchementforts.fr\/#organization"},"potentialAction":[{"@type":"SearchAction","target":{"@type":"EntryPoint","urlTemplate":"https:\/\/www.franchementforts.fr\/?s={search_term_string}"},"query-input":{"@type":"PropertyValueSpecification","valueRequired":true,"valueName":"search_term_string"}}],"inLanguage":"de"},{"@type":"Organization","@id":"https:\/\/www.franchementforts.fr\/#organization","name":"Franchement forts","url":"https:\/\/www.franchementforts.fr\/","logo":{"@type":"ImageObject","inLanguage":"de","@id":"https:\/\/www.franchementforts.fr\/#\/schema\/logo\/image\/","url":"https:\/\/www.franchementforts.fr\/wp-content\/uploads\/2023\/04\/LogoCNFC.png","contentUrl":"https:\/\/www.franchementforts.fr\/wp-content\/uploads\/2023\/04\/LogoCNFC.png","width":600,"height":567,"caption":"Franchement forts"},"image":{"@id":"https:\/\/www.franchementforts.fr\/#\/schema\/logo\/image\/"}}]}},"_links":{"self":[{"href":"https:\/\/www.franchementforts.fr\/de\/wp-json\/wp\/v2\/pages\/3621","targetHints":{"allow":["GET"]}}],"collection":[{"href":"https:\/\/www.franchementforts.fr\/de\/wp-json\/wp\/v2\/pages"}],"about":[{"href":"https:\/\/www.franchementforts.fr\/de\/wp-json\/wp\/v2\/types\/page"}],"author":[{"embeddable":true,"href":"https:\/\/www.franchementforts.fr\/de\/wp-json\/wp\/v2\/users\/1"}],"replies":[{"embeddable":true,"href":"https:\/\/www.franchementforts.fr\/de\/wp-json\/wp\/v2\/comments?post=3621"}],"version-history":[{"count":1,"href":"https:\/\/www.franchementforts.fr\/de\/wp-json\/wp\/v2\/pages\/3621\/revisions"}],"predecessor-version":[{"id":3622,"href":"https:\/\/www.franchementforts.fr\/de\/wp-json\/wp\/v2\/pages\/3621\/revisions\/3622"}],"wp:featuredmedia":[{"embeddable":true,"href":"https:\/\/www.franchementforts.fr\/de\/wp-json\/wp\/v2\/media\/1575"}],"wp:attachment":[{"href":"https:\/\/www.franchementforts.fr\/de\/wp-json\/wp\/v2\/media?parent=3621"}],"curies":[{"name":"wp","href":"https:\/\/api.w.org\/{rel}","templated":true}]}}